{"id":67,"date":"2025-08-03T20:18:06","date_gmt":"2025-08-03T20:18:06","guid":{"rendered":"https:\/\/funktaxiruetizhgmbh.ch\/index.php\/blog\/"},"modified":"2025-08-29T04:58:38","modified_gmt":"2025-08-29T04:58:38","slug":"blog","status":"publish","type":"page","link":"http:\/\/funktaxiruetizhgmbh.ch\/index.php\/blog\/","title":{"rendered":"Orte"},"content":{"rendered":"\n<div class=\"section-wrapper\" data-id=\"eDDKHH\"><section class=\"wp-block-gutenverse-section guten-element guten-section guten-eDDKHH layout-boxed align-stretch\"><div class=\"guten-container guten-column-gap-default\">\n<div class=\"wp-block-gutenverse-column guten-element guten-column guten-eGrdbX hide-mobile\"><div class=\"guten-column-wrapper\" data-id=\"eGrdbX\">\n<div class=\"guten-element guten-icon-list guten-EEuuIr\"><div class=\" list-wrapper inline-icon-list\">\n<div class=\"guten-element guten-icon-list-item guten-6v9uc7\"><div class=\"list-divider\"><\/div><a id=\"guten-6v9uc7\" href=\"mailto:info@funktaxiruetizh.ch\"><i class=\"fas fa-envelope\"><\/i><span class=\"list-text \">info@funktaxiruetizh.ch<\/span><\/a><\/div>\n\n\n\n<div class=\"guten-element guten-icon-list-item guten-Wv0Ajy\"><div class=\"list-divider\"><\/div><a id=\"guten-Wv0Ajy\" href=\"tel:0552402727\"><i class=\"fas fa-phone\"><\/i><span class=\"list-text \">055 240 27 27<\/span><\/a><\/div>\n<\/div><\/div>\n<\/div><\/div>\n\n\n\n<div class=\"wp-block-gutenverse-column guten-element guten-column guten-dCQNzW hide-tablet\"><div class=\"guten-column-wrapper\" data-id=\"dCQNzW\">\n<h6 class=\"wp-block-gutenverse-heading guten-element guten-S9yQfB\">Willkommen bei Funk Taxi R\u00fcti ZH!<\/h6>\n<\/div><\/div>\n<\/div><\/section><\/div>\n\n\n\n<div class=\"section-wrapper\" data-id=\"szyd9F\"><section class=\"wp-block-gutenverse-section guten-element guten-section guten-szyd9F layout-boxed align-stretch\"><div class=\"guten-container guten-column-gap-no\">\n<div class=\"wp-block-gutenverse-column guten-element guten-column guten-fhBAnK\"><div class=\"guten-column-wrapper\" data-id=\"fhBAnK\">\n<div class=\"section-wrapper\" data-id=\"MWjqmb\"><section class=\"wp-block-gutenverse-section guten-element guten-section guten-MWjqmb layout-boxed align-stretch\"><div class=\"guten-container guten-column-gap-no\">\n<div class=\"wp-block-gutenverse-column guten-element guten-column guten-f6V0nn\"><div class=\"guten-column-wrapper\" data-id=\"f6V0nn\">\n<div class=\"wp-block-gutenverse-image guten-element guten-image guten-ZX0F8P\"><a class=\"guten-image-wrapper\" href=\"https:\/\/funktaxiruetizhgmbh.ch\/\"><img loading=\"lazy\" decoding=\"async\" class=\"gutenverse-image-box-filled\" src=\"http:\/\/funktaxiruetizhgmbh.ch\/wp-content\/uploads\/2025\/08\/taxi-ruti-3.png\" height=\"82\" width=\"135\"\/><\/a><\/div>\n<\/div><\/div>\n\n\n\n<div class=\"wp-block-gutenverse-column guten-element guten-column guten-IKL8mx\"><div class=\"guten-column-wrapper\" data-id=\"IKL8mx\"><div id=\"guten-J2t6fR\" class=\"guten-element guten-nav-menu nav-menu break-point-tablet submenu-click-title \" data-item-indicator=\"gtn gtn-chevron-down-line\" data-close-on-click=\"1\">\n\t\t\t<div class=\"gutenverse-hamburger-wrapper\">\n\t\t\t\t<button class=\"gutenverse-hamburger-menu\">\n\t\t\t\t\t<i aria-hidden=\"true\" class=\"fas fa-bars\"><\/i>\n\t\t\t\t<\/button>\n\t\t\t<\/div>\n\t\t\t<div class=\"guten-nav-overlay\"><\/div>\n\t\t\t<div class=\"gutenverse-menu-wrapper\"><div class=\"gutenverse-menu-container\"><ul id=\"menu-taxico-1\" class=\"gutenverse-menu\"><li id=\"menu-item-316\" class=\"menu-item menu-item-type-post_type menu-item-object-page menu-item-home menu-item-316\"><a href=\"javascript:void(0);\" data-href=\"http:\/\/funktaxiruetizhgmbh.ch\/\">Startseite<\/a><\/li>\n<li id=\"menu-item-317\" class=\"menu-item menu-item-type-post_type menu-item-object-page menu-item-317\"><a href=\"javascript:void(0);\" data-href=\"http:\/\/funktaxiruetizhgmbh.ch\/index.php\/contact\/\">Kontakt<\/a><\/li>\n<li id=\"menu-item-318\" class=\"menu-item menu-item-type-post_type menu-item-object-page menu-item-318\"><a href=\"javascript:void(0);\" data-href=\"http:\/\/funktaxiruetizhgmbh.ch\/index.php\/about\/\">\u00dcber<\/a><\/li>\n<li id=\"menu-item-362\" class=\"menu-item menu-item-type-post_type menu-item-object-page menu-item-362\"><a href=\"javascript:void(0);\" data-href=\"http:\/\/funktaxiruetizhgmbh.ch\/index.php\/pricing\/\">Tarife<\/a><\/li>\n<li id=\"menu-item-319\" class=\"menu-item menu-item-type-post_type menu-item-object-page menu-item-319\"><a href=\"javascript:void(0);\" data-href=\"http:\/\/funktaxiruetizhgmbh.ch\/index.php\/services\/\">Leistungen<\/a><\/li>\n<li id=\"menu-item-207\" class=\"menu-item menu-item-type-post_type menu-item-object-page menu-item-207\"><a href=\"javascript:void(0);\" data-href=\"http:\/\/funktaxiruetizhgmbh.ch\/index.php\/blog\/\">Orte<\/a><\/li>\n<\/ul><\/div>\n\t\t\t\t<div>\n\t\t\t\t\t<div class=\"gutenverse-nav-identity-panel\">\n\t\t\t\t\t\t<div class=\"gutenverse-nav-site-title\">\n\t\t\t\t\t\t\t<a href=\"http:\/\/funktaxiruetizhgmbh.ch\" class=\"gutenverse-nav-logo\"><img decoding=\"async\" src=\"http:\/\/funktaxiruetizhgmbh.ch\/wp-content\/uploads\/2025\/08\/taxi-ruti-3.png\" alt=\"funktaxiruetizh - gmbh\"><\/a>\n\t\t\t\t\t\t<\/div>\n\t\t\t\t\t\t<button class=\"gutenverse-close-menu\"><i aria-hidden=\"true\" class=\"fas fa-times\"><\/i><\/button>\n\t\t\t\t\t<\/div>\n\t\t\t\t<\/div>\n\t\t\t<\/div>\n\t\t<\/div><\/div><\/div>\n\n\n\n<div class=\"wp-block-gutenverse-column guten-element guten-column guten-blmTkx hide-tablet hide-mobile\"><div class=\"guten-column-wrapper\" data-id=\"blmTkx\">\n<div class=\"guten-element guten-button-wrapper guten-pk419x\"><a class=\"guten-button guten-button-sm\" href=\"https:\/\/funktaxiruetizhgmbh.ch\/index.php\/contact\/\"><span><strong>\u201eJetzt buchen\u201c<\/strong><\/span><\/a><\/div>\n<\/div><\/div>\n<\/div><\/section><\/div>\n<\/div><\/div>\n<\/div><\/section><\/div>\n\n\n\n<div class=\"section-wrapper\" data-id=\"yELLQ3\"><section class=\"wp-block-gutenverse-section guten-element guten-section guten-yELLQ3 layout-boxed align-stretch overflow-hidden\"><div class=\"guten-background-overlay\"><\/div><div class=\"guten-container guten-column-gap-default\">\n<div class=\"wp-block-gutenverse-column guten-element guten-column guten-U2qXb4\"><div class=\"guten-column-wrapper\" data-id=\"U2qXb4\">\n<h1 class=\"wp-block-gutenverse-heading guten-element guten-Xm650f animated guten-element-hide desktop-fadeInUp\">Orte<\/h1>\n\n\n\n<div class=\"guten-element guten-icon-list guten-lxPXCQ animated guten-element-hide desktop-fadeInUp\"><div class=\" list-wrapper inline-icon-list\">\n<div class=\"guten-element guten-icon-list-item guten-Zqdgf4\"><div class=\"list-divider\"><\/div><a id=\"guten-Zqdgf4\"><i class=\"\"><\/i><span class=\"list-text \">Home<\/span><\/a><\/div>\n\n\n\n<div class=\"guten-element guten-icon-list-item guten-6D9Ull\"><div class=\"list-divider\"><\/div><a id=\"guten-6D9Ull\"><i class=\"fas fa-chevron-right\"><\/i><span class=\"list-text \">Blog<\/span><\/a><\/div>\n<\/div><\/div>\n<\/div><\/div>\n<\/div><\/section><\/div>\n\n\n\n<div class=\"section-wrapper\" data-id=\"7NYvkM\"><section class=\"wp-block-gutenverse-section guten-element guten-section guten-7NYvkM layout-boxed align-stretch\"><div class=\"guten-container guten-column-gap-default\">\n<div class=\"wp-block-gutenverse-column guten-element guten-column guten-sCX1nu\"><div class=\"guten-column-wrapper\" data-id=\"sCX1nu\">\n<div class=\"section-wrapper\" data-id=\"3q3rPm\"><section class=\"wp-block-gutenverse-section guten-element guten-section guten-3q3rPm layout-boxed align-stretch\"><div class=\"guten-container guten-column-gap-no\">\n<div class=\"wp-block-gutenverse-column guten-element guten-column guten-6SHgGK\"><div class=\"guten-column-wrapper\" data-id=\"6SHgGK\">\n<h5 class=\"wp-block-gutenverse-heading guten-element guten-rDuBVD animated guten-element-hide desktop-fadeInLeft\">Our News<\/h5>\n\n\n\n<h2 class=\"wp-block-gutenverse-heading guten-element guten-7mI9ep animated guten-element-hide desktop-fadeInLeft\"><strong>Sehensw\u00fcrdigkeiten<\/strong><\/h2>\n<\/div><\/div>\n<\/div><\/section><\/div>\n\n\n<div  class=\"gutenverse guten-postblock postblock-type-3 guten-pagination-loadmore  post-element guten-xf5d36\"  data-id=\"guten-xf5d36\" data-settings=\"{&quot;elementId&quot;:&quot;guten-xf5d36&quot;,&quot;numberPost&quot;:&quot;6&quot;,&quot;column&quot;:{&quot;Desktop&quot;:&quot;3&quot;,&quot;Tablet&quot;:&quot;1&quot;},&quot;sortBy&quot;:&quot;latest&quot;,&quot;categoryPosition&quot;:&quot;left&quot;,&quot;excerptLength&quot;:&quot;18&quot;,&quot;readmoreEnabled&quot;:false,&quot;metaEnabled&quot;:false,&quot;metaAuthorEnabled&quot;:false,&quot;metaDateIcon&quot;:&quot;&quot;,&quot;postblockType&quot;:&quot;type-3&quot;,&quot;paginationMode&quot;:&quot;loadmore&quot;,&quot;postItemMargin&quot;:{&quot;Desktop&quot;:{&quot;unit&quot;:&quot;px&quot;,&quot;dimension&quot;:{&quot;bottom&quot;:&quot;40&quot;}},&quot;Tablet&quot;:{&quot;unit&quot;:&quot;px&quot;,&quot;dimension&quot;:{&quot;bottom&quot;:&quot;40&quot;}},&quot;Mobile&quot;:{&quot;unit&quot;:&quot;px&quot;,&quot;dimension&quot;:{&quot;top&quot;:&quot;0&quot;,&quot;right&quot;:&quot;0&quot;,&quot;bottom&quot;:&quot;30&quot;,&quot;left&quot;:&quot;0&quot;}}},&quot;postItemPadding&quot;:{&quot;Desktop&quot;:[],&quot;Tablet&quot;:[],&quot;Mobile&quot;:[]},&quot;postItemBorder&quot;:{&quot;radius&quot;:{&quot;Desktop&quot;:{&quot;unit&quot;:&quot;px&quot;,&quot;dimension&quot;:{&quot;top&quot;:&quot;1&quot;,&quot;right&quot;:&quot;1&quot;,&quot;bottom&quot;:&quot;1&quot;,&quot;left&quot;:&quot;1&quot;}}}},&quot;thumbnailRadius&quot;:{&quot;Desktop&quot;:[],&quot;Tablet&quot;:[],&quot;Mobile&quot;:[]},&quot;paginationMargin&quot;:{&quot;Mobile&quot;:[],&quot;Desktop&quot;:[],&quot;Tablet&quot;:[]},&quot;paginationPadding&quot;:{&quot;Mobile&quot;:{&quot;unit&quot;:&quot;px&quot;,&quot;dimension&quot;:{&quot;top&quot;:&quot;21&quot;,&quot;bottom&quot;:&quot;19&quot;,&quot;right&quot;:&quot;28&quot;,&quot;left&quot;:&quot;28&quot;}},&quot;Desktop&quot;:{&quot;unit&quot;:&quot;px&quot;,&quot;dimension&quot;:{&quot;top&quot;:&quot;25&quot;,&quot;bottom&quot;:&quot;23&quot;,&quot;right&quot;:&quot;32&quot;,&quot;left&quot;:&quot;32&quot;}},&quot;Tablet&quot;:{&quot;unit&quot;:&quot;px&quot;,&quot;dimension&quot;:{&quot;top&quot;:&quot;23&quot;,&quot;right&quot;:&quot;30&quot;,&quot;bottom&quot;:&quot;21&quot;,&quot;left&quot;:&quot;30&quot;}}},&quot;paginationBorder&quot;:{&quot;radius&quot;:{&quot;Desktop&quot;:{&quot;unit&quot;:&quot;px&quot;,&quot;dimension&quot;:{&quot;top&quot;:&quot;10&quot;,&quot;right&quot;:&quot;10&quot;,&quot;bottom&quot;:&quot;10&quot;,&quot;left&quot;:&quot;10&quot;}}},&quot;all&quot;:{&quot;type&quot;:&quot;none&quot;}},&quot;animation&quot;:{&quot;type&quot;:{&quot;Desktop&quot;:&quot;fadeInUp&quot;},&quot;duration&quot;:&quot;normal&quot;,&quot;delay&quot;:600},&quot;inheritQuery&quot;:true,&quot;postType&quot;:&quot;post&quot;,&quot;postOffset&quot;:0,&quot;excludeCurrentPost&quot;:false,&quot;includePost&quot;:[],&quot;excludePost&quot;:[],&quot;includeCategory&quot;:[],&quot;excludeCategory&quot;:[],&quot;includeAuthor&quot;:[],&quot;includeTag&quot;:[],&quot;excludeTag&quot;:[],&quot;htmlTag&quot;:&quot;h3&quot;,&quot;categoryEnabled&quot;:true,&quot;excerptEnabled&quot;:true,&quot;excerptMore&quot;:&quot;...&quot;,&quot;readmoreIcon&quot;:&quot;fas fa-arrow-right&quot;,&quot;readmoreIconPosition&quot;:&quot;after&quot;,&quot;readmoreText&quot;:&quot;Read More&quot;,&quot;commentEnabled&quot;:false,&quot;commentIcon&quot;:&quot;fas fa-comment&quot;,&quot;commentIconPosition&quot;:&quot;before&quot;,&quot;metaAuthorByText&quot;:&quot;by&quot;,&quot;metaAuthorIcon&quot;:&quot;fas fa-user&quot;,&quot;metaAuthorIconPosition&quot;:&quot;before&quot;,&quot;metaDateEnabled&quot;:true,&quot;metaDateType&quot;:&quot;published&quot;,&quot;metaDateFormat&quot;:&quot;default&quot;,&quot;metaDateFormatCustom&quot;:&quot;&quot;,&quot;metaDateIconPosition&quot;:&quot;before&quot;,&quot;breakpoint&quot;:&quot;tablet&quot;,&quot;noContentText&quot;:&quot;No Content&quot;,&quot;paginationLoadmoreText&quot;:&quot;Load More&quot;,&quot;paginationLoadingText&quot;:&quot;Loading...&quot;,&quot;paginationNumberPost&quot;:3,&quot;paginationScrollLimit&quot;:0,&quot;paginationIcon&quot;:&quot;&quot;,&quot;paginationIconPosition&quot;:&quot;before&quot;,&quot;background&quot;:[],&quot;backgroundHover&quot;:[],&quot;paginationPrevNextText&quot;:true,&quot;paginationPrevText&quot;:&quot;Prev&quot;,&quot;paginationNextText&quot;:&quot;Next&quot;,&quot;paginationPrevIcon&quot;:&quot;fas fa-chevron-left&quot;,&quot;paginationNextIcon&quot;:&quot;fas fa-chevron-right&quot;,&quot;contentOrder&quot;:[{&quot;label&quot;:&quot;Title&quot;,&quot;value&quot;:&quot;title&quot;},{&quot;label&quot;:&quot;Meta&quot;,&quot;value&quot;:&quot;meta&quot;},{&quot;label&quot;:&quot;Excerpt&quot;,&quot;value&quot;:&quot;excerpt&quot;},{&quot;label&quot;:&quot;Read More&quot;,&quot;value&quot;:&quot;read&quot;}],&quot;paged&quot;:1,&quot;class&quot;:null}\"><div class=\"guten-block-container\">\n            <div class=\"guten-posts guten-ajax-flag\">\n            <article class=\"guten-post post-272 post type-post status-publish format-standard has-post-thumbnail hentry category-switzerland\">\n                    <div class=\"guten-thumb\"><a href=\"javascript:void(0);\" data-href=\"http:\/\/funktaxiruetizhgmbh.ch\/index.php\/2025\/08\/13\/zurich\/\"><div class=\"thumbnail-container \">\n            <img fetchpriority=\"high\" decoding=\"async\" loading=\"eager\"  width=\"1200\" height=\"675\" src=\"http:\/\/funktaxiruetizhgmbh.ch\/wp-content\/uploads\/2025\/08\/7oxnwYnu3FA3Kufa4zaq5X.png\" class=\"attachment-post-thumbnail size-post-thumbnail wp-post-image\" alt=\"\" srcset=\"http:\/\/funktaxiruetizhgmbh.ch\/wp-content\/uploads\/2025\/08\/7oxnwYnu3FA3Kufa4zaq5X.png 1200w, http:\/\/funktaxiruetizhgmbh.ch\/wp-content\/uploads\/2025\/08\/7oxnwYnu3FA3Kufa4zaq5X-300x169.png 300w, http:\/\/funktaxiruetizhgmbh.ch\/wp-content\/uploads\/2025\/08\/7oxnwYnu3FA3Kufa4zaq5X-1024x576.png 1024w, http:\/\/funktaxiruetizhgmbh.ch\/wp-content\/uploads\/2025\/08\/7oxnwYnu3FA3Kufa4zaq5X-768x432.png 768w\" sizes=\"(max-width: 1200px) 100vw, 1200px\" \/>\n\t\t\t<div class=\"guten-overlay\"><\/div>\n        <\/div><\/a><div class=\"guten-post-category position-left\"><span><a href=\"javascript:void(0);\" data-href=\"http:\/\/funktaxiruetizhgmbh.ch\/index.php\/category\/switzerland\/\" class=\"category-switzerland\">Switzerland<\/a><\/span><\/div><\/div>\n                    <div class=\"guten-postblock-content\"><h3 class=\"guten-post-title\">\n\t\t\t\t\t\t\t<a href=\"javascript:void(0);\" data-href=\"http:\/\/funktaxiruetizhgmbh.ch\/index.php\/2025\/08\/13\/zurich\/\">Zurich<\/a>\n\t\t\t\t\t\t<\/h3><div class=\"guten-post-excerpt\"><p>Z\u00fcrich, die gr\u00f6\u00dfte Stadt der Schweiz, ist eine lebendige Mischung aus Geschichte, Kultur und modernen Attraktionen. Die charmante&#8230;<\/p><\/div><div class=\"guten-post-meta-bottom\">\n\t\t\t\t\t\t\t\n\t\t\t\t\t\t<\/div><\/div>\n                <\/article><article class=\"guten-post post-257 post type-post status-publish format-standard has-post-thumbnail hentry category-switzerland\">\n                    <div class=\"guten-thumb\"><a href=\"javascript:void(0);\" data-href=\"http:\/\/funktaxiruetizhgmbh.ch\/index.php\/2025\/08\/13\/lake-geneva-montreux\/\"><div class=\"thumbnail-container \">\n            <img decoding=\"async\" loading=\"eager\"  width=\"2121\" height=\"1193\" src=\"http:\/\/funktaxiruetizhgmbh.ch\/wp-content\/uploads\/2025\/08\/swiss-riviera-of-lake-geneva-leman-in-montreux-royalty-free-image-1666182707.jpg\" class=\"attachment-post-thumbnail size-post-thumbnail wp-post-image\" alt=\"\" srcset=\"http:\/\/funktaxiruetizhgmbh.ch\/wp-content\/uploads\/2025\/08\/swiss-riviera-of-lake-geneva-leman-in-montreux-royalty-free-image-1666182707.jpg 2121w, http:\/\/funktaxiruetizhgmbh.ch\/wp-content\/uploads\/2025\/08\/swiss-riviera-of-lake-geneva-leman-in-montreux-royalty-free-image-1666182707-300x169.jpg 300w, http:\/\/funktaxiruetizhgmbh.ch\/wp-content\/uploads\/2025\/08\/swiss-riviera-of-lake-geneva-leman-in-montreux-royalty-free-image-1666182707-1024x576.jpg 1024w, http:\/\/funktaxiruetizhgmbh.ch\/wp-content\/uploads\/2025\/08\/swiss-riviera-of-lake-geneva-leman-in-montreux-royalty-free-image-1666182707-768x432.jpg 768w, http:\/\/funktaxiruetizhgmbh.ch\/wp-content\/uploads\/2025\/08\/swiss-riviera-of-lake-geneva-leman-in-montreux-royalty-free-image-1666182707-1536x864.jpg 1536w, http:\/\/funktaxiruetizhgmbh.ch\/wp-content\/uploads\/2025\/08\/swiss-riviera-of-lake-geneva-leman-in-montreux-royalty-free-image-1666182707-2048x1152.jpg 2048w\" sizes=\"(max-width: 2121px) 100vw, 2121px\" \/>\n\t\t\t<div class=\"guten-overlay\"><\/div>\n        <\/div><\/a><div class=\"guten-post-category position-left\"><span><a href=\"javascript:void(0);\" data-href=\"http:\/\/funktaxiruetizhgmbh.ch\/index.php\/category\/switzerland\/\" class=\"category-switzerland\">Switzerland<\/a><\/span><\/div><\/div>\n                    <div class=\"guten-postblock-content\"><h3 class=\"guten-post-title\">\n\t\t\t\t\t\t\t<a href=\"javascript:void(0);\" data-href=\"http:\/\/funktaxiruetizhgmbh.ch\/index.php\/2025\/08\/13\/lake-geneva-montreux\/\">Lake Geneva &amp; Montreux<\/a>\n\t\t\t\t\t\t<\/h3><div class=\"guten-post-excerpt\"><p>Der Genfersee ist einer der gr\u00f6\u00dften und sch\u00f6nsten Seen Europas, umgeben von beeindruckenden Bergen und malerischen Weinbergen. Sein&#8230;<\/p><\/div><div class=\"guten-post-meta-bottom\">\n\t\t\t\t\t\t\t\n\t\t\t\t\t\t<\/div><\/div>\n                <\/article><article class=\"guten-post post-239 post type-post status-publish format-standard has-post-thumbnail hentry category-switzerland\">\n                    <div class=\"guten-thumb\"><a href=\"javascript:void(0);\" data-href=\"http:\/\/funktaxiruetizhgmbh.ch\/index.php\/2025\/08\/13\/interlaken\/\"><div class=\"thumbnail-container \">\n            <img decoding=\"async\" loading=\"eager\"  width=\"1280\" height=\"720\" src=\"http:\/\/funktaxiruetizhgmbh.ch\/wp-content\/uploads\/2025\/08\/csm_paragliding-sommer-interlaken-thunersee-ferienregion-interlaken-mike-kaufmann_9cd2e89e53.jpg\" class=\"attachment-post-thumbnail size-post-thumbnail wp-post-image\" alt=\"\" srcset=\"http:\/\/funktaxiruetizhgmbh.ch\/wp-content\/uploads\/2025\/08\/csm_paragliding-sommer-interlaken-thunersee-ferienregion-interlaken-mike-kaufmann_9cd2e89e53.jpg 1280w, http:\/\/funktaxiruetizhgmbh.ch\/wp-content\/uploads\/2025\/08\/csm_paragliding-sommer-interlaken-thunersee-ferienregion-interlaken-mike-kaufmann_9cd2e89e53-300x169.jpg 300w, http:\/\/funktaxiruetizhgmbh.ch\/wp-content\/uploads\/2025\/08\/csm_paragliding-sommer-interlaken-thunersee-ferienregion-interlaken-mike-kaufmann_9cd2e89e53-1024x576.jpg 1024w, http:\/\/funktaxiruetizhgmbh.ch\/wp-content\/uploads\/2025\/08\/csm_paragliding-sommer-interlaken-thunersee-ferienregion-interlaken-mike-kaufmann_9cd2e89e53-768x432.jpg 768w\" sizes=\"(max-width: 1280px) 100vw, 1280px\" \/>\n\t\t\t<div class=\"guten-overlay\"><\/div>\n        <\/div><\/a><div class=\"guten-post-category position-left\"><span><a href=\"javascript:void(0);\" data-href=\"http:\/\/funktaxiruetizhgmbh.ch\/index.php\/category\/switzerland\/\" class=\"category-switzerland\">Switzerland<\/a><\/span><\/div><\/div>\n                    <div class=\"guten-postblock-content\"><h3 class=\"guten-post-title\">\n\t\t\t\t\t\t\t<a href=\"javascript:void(0);\" data-href=\"http:\/\/funktaxiruetizhgmbh.ch\/index.php\/2025\/08\/13\/interlaken\/\">Interlaken<\/a>\n\t\t\t\t\t\t<\/h3><div class=\"guten-post-excerpt\"><p>Interlaken ist eines der beliebtesten Reiseziele der Schweiz. Es liegt zwischen zwei wundersch\u00f6nen Seen \u2013 dem Thunersee und&#8230;<\/p><\/div><div class=\"guten-post-meta-bottom\">\n\t\t\t\t\t\t\t\n\t\t\t\t\t\t<\/div><\/div>\n                <\/article><article class=\"guten-post post-225 post type-post status-publish format-standard has-post-thumbnail hentry category-switzerland\">\n                    <div class=\"guten-thumb\"><a href=\"javascript:void(0);\" data-href=\"http:\/\/funktaxiruetizhgmbh.ch\/index.php\/2025\/08\/12\/jungfraujoch-top-of-europe\/\"><div class=\"thumbnail-container \">\n            <img decoding=\"async\" loading=\"eager\"  width=\"1800\" height=\"1013\" src=\"http:\/\/funktaxiruetizhgmbh.ch\/wp-content\/uploads\/2025\/08\/67a44b36e5b3ab8c542f42a7_Jungfraujoch-Sphinx-Weihnachtsbaum-Sonnenuntergang.jpg\" class=\"attachment-post-thumbnail size-post-thumbnail wp-post-image\" alt=\"\" srcset=\"http:\/\/funktaxiruetizhgmbh.ch\/wp-content\/uploads\/2025\/08\/67a44b36e5b3ab8c542f42a7_Jungfraujoch-Sphinx-Weihnachtsbaum-Sonnenuntergang.jpg 1800w, http:\/\/funktaxiruetizhgmbh.ch\/wp-content\/uploads\/2025\/08\/67a44b36e5b3ab8c542f42a7_Jungfraujoch-Sphinx-Weihnachtsbaum-Sonnenuntergang-300x169.jpg 300w, http:\/\/funktaxiruetizhgmbh.ch\/wp-content\/uploads\/2025\/08\/67a44b36e5b3ab8c542f42a7_Jungfraujoch-Sphinx-Weihnachtsbaum-Sonnenuntergang-1024x576.jpg 1024w, http:\/\/funktaxiruetizhgmbh.ch\/wp-content\/uploads\/2025\/08\/67a44b36e5b3ab8c542f42a7_Jungfraujoch-Sphinx-Weihnachtsbaum-Sonnenuntergang-768x432.jpg 768w, http:\/\/funktaxiruetizhgmbh.ch\/wp-content\/uploads\/2025\/08\/67a44b36e5b3ab8c542f42a7_Jungfraujoch-Sphinx-Weihnachtsbaum-Sonnenuntergang-1536x864.jpg 1536w\" sizes=\"(max-width: 1800px) 100vw, 1800px\" \/>\n\t\t\t<div class=\"guten-overlay\"><\/div>\n        <\/div><\/a><div class=\"guten-post-category position-left\"><span><a href=\"javascript:void(0);\" data-href=\"http:\/\/funktaxiruetizhgmbh.ch\/index.php\/category\/switzerland\/\" class=\"category-switzerland\">Switzerland<\/a><\/span><\/div><\/div>\n                    <div class=\"guten-postblock-content\"><h3 class=\"guten-post-title\">\n\t\t\t\t\t\t\t<a href=\"javascript:void(0);\" data-href=\"http:\/\/funktaxiruetizhgmbh.ch\/index.php\/2025\/08\/12\/jungfraujoch-top-of-europe\/\">Jungfraujoch \u2013 \u201cTop of Europe\u201d<\/a>\n\t\t\t\t\t\t<\/h3><div class=\"guten-post-excerpt\"><p>Jungfraujoch, bekannt als \u201eTop of Europe\u201c, ist eines der beeindruckendsten Reiseziele der Schweiz. Es liegt 3.454 Meter \u00fcber&#8230;<\/p><\/div><div class=\"guten-post-meta-bottom\">\n\t\t\t\t\t\t\t\n\t\t\t\t\t\t<\/div><\/div>\n                <\/article><article class=\"guten-post post-210 post type-post status-publish format-standard has-post-thumbnail hentry category-switzerland\">\n                    <div class=\"guten-thumb\"><a href=\"javascript:void(0);\" data-href=\"http:\/\/funktaxiruetizhgmbh.ch\/index.php\/2025\/08\/12\/matterhorn-zermatt\/\"><div class=\"thumbnail-container \">\n            <img decoding=\"async\" loading=\"eager\"  width=\"885\" height=\"498\" src=\"http:\/\/funktaxiruetizhgmbh.ch\/wp-content\/uploads\/2025\/08\/DeWatermark.ai_1755008576053.jpeg\" class=\"attachment-post-thumbnail size-post-thumbnail wp-post-image\" alt=\"\" srcset=\"http:\/\/funktaxiruetizhgmbh.ch\/wp-content\/uploads\/2025\/08\/DeWatermark.ai_1755008576053.jpeg 885w, http:\/\/funktaxiruetizhgmbh.ch\/wp-content\/uploads\/2025\/08\/DeWatermark.ai_1755008576053-300x169.jpeg 300w, http:\/\/funktaxiruetizhgmbh.ch\/wp-content\/uploads\/2025\/08\/DeWatermark.ai_1755008576053-768x432.jpeg 768w\" sizes=\"(max-width: 885px) 100vw, 885px\" \/>\n\t\t\t<div class=\"guten-overlay\"><\/div>\n        <\/div><\/a><div class=\"guten-post-category position-left\"><span><a href=\"javascript:void(0);\" data-href=\"http:\/\/funktaxiruetizhgmbh.ch\/index.php\/category\/switzerland\/\" class=\"category-switzerland\">Switzerland<\/a><\/span><\/div><\/div>\n                    <div class=\"guten-postblock-content\"><h3 class=\"guten-post-title\">\n\t\t\t\t\t\t\t<a href=\"javascript:void(0);\" data-href=\"http:\/\/funktaxiruetizhgmbh.ch\/index.php\/2025\/08\/12\/matterhorn-zermatt\/\">Matterhorn &amp; Zermatt<\/a>\n\t\t\t\t\t\t<\/h3><div class=\"guten-post-excerpt\"><p>Das Matterhorn ist eines der bekanntesten Wahrzeichen der Schweiz und ber\u00fchmt f\u00fcr seine markante, pyramidenf\u00f6rmige Spitze. Es erhebt&#8230;<\/p><\/div><div class=\"guten-post-meta-bottom\">\n\t\t\t\t\t\t\t\n\t\t\t\t\t\t<\/div><\/div>\n                <\/article>\n        <\/div>\n        <\/div><\/div><\/div><\/div>\n<\/div><\/section><\/div>\n\n\n\n<div class=\"section-wrapper\" data-id=\"d77v6C\"><section class=\"wp-block-gutenverse-section guten-element guten-section guten-d77v6C layout-boxed align-stretch\"><div class=\"guten-background-overlay\"><\/div><div class=\"guten-container guten-column-gap-default\">\n<div class=\"wp-block-gutenverse-column guten-element guten-column guten-I9XgMS\"><div class=\"guten-column-wrapper\" data-id=\"I9XgMS\">\n<h5 class=\"wp-block-gutenverse-heading guten-element guten-Di3RHQ\">\u201eRufen Sie an \u2013 24-Stunden-Service verf\u00fcgbar\u201c<\/h5>\n\n\n\n<h2 class=\"wp-block-gutenverse-heading guten-element guten-lGctRE\"><strong>Jetzt Taxi buchen \u2013 einfach &amp; schnell \u2013 24 Stunden t\u00e4glich!<\/strong><\/h2>\n\n\n\n<div class=\"guten-element guten-dAhUWj guten-icon-box icon-position-left\"><a class=\"\" href=\"#\"><div class=\"guten-icon-box-wrapper hover-from-left\"><div class=\"icon-box icon-box-header\"><div class=\"icon bg-style-color\"><i class=\"fas fa-phone icon-style-color\"><\/i><\/div><\/div><div class=\"icon-box icon-box-body\"><h3 class=\"title\">055 240 27 27<\/h3><\/div><\/div><\/a><\/div>\n<\/div><\/div>\n<\/div><\/section><\/div>\n\n\n\n<div class=\"section-wrapper\" data-id=\"oFDWLF\"><section class=\"wp-block-gutenverse-section guten-element guten-section guten-oFDWLF layout-boxed align-stretch\"><div class=\"guten-background-overlay\"><\/div><div class=\"guten-container guten-column-gap-default\">\n<div class=\"wp-block-gutenverse-column guten-element guten-column guten-XQ2o7g\"><div class=\"guten-column-wrapper\" data-id=\"XQ2o7g\">\n<figure class=\"wp-block-image size-large\"><a href=\"https:\/\/www.zvv.ch\/\"><img loading=\"lazy\" decoding=\"async\" width=\"84\" height=\"72\" src=\"https:\/\/funktaxiruetizhgmbh.ch\/wp-content\/uploads\/2025\/08\/zvv.png\" alt=\"\" class=\"wp-image-465\"\/><\/a><\/figure>\n<\/div><\/div>\n\n\n\n<div class=\"wp-block-gutenverse-column guten-element guten-column guten-wPqVig\"><div class=\"guten-column-wrapper\" data-id=\"wPqVig\">\n<figure class=\"wp-block-image size-full\"><a href=\"https:\/\/promobil.ch\/\"><img loading=\"lazy\" decoding=\"async\" width=\"84\" height=\"72\" src=\"https:\/\/funktaxiruetizhgmbh.ch\/wp-content\/uploads\/2025\/08\/pmb.png\" alt=\"\" class=\"wp-image-463\"\/><\/a><\/figure>\n<\/div><\/div>\n\n\n\n<div class=\"wp-block-gutenverse-column guten-element guten-column guten-gH0qVq\"><div class=\"guten-column-wrapper\" data-id=\"gH0qVq\">\n<figure class=\"wp-block-image size-full\"><a href=\"https:\/\/www.sbb.ch\/en\"><img loading=\"lazy\" decoding=\"async\" width=\"84\" height=\"72\" src=\"https:\/\/funktaxiruetizhgmbh.ch\/wp-content\/uploads\/2025\/08\/sbb.png\" alt=\"\" class=\"wp-image-464\"\/><\/a><\/figure>\n<\/div><\/div>\n\n\n\n<div class=\"wp-block-gutenverse-column guten-element guten-column guten-sDN1gU\"><div class=\"guten-column-wrapper\" data-id=\"sDN1gU\">\n<figure class=\"wp-block-gallery has-nested-images columns-default is-cropped wp-block-gallery-1 is-layout-flex wp-block-gallery-is-layout-flex\">\n<figure class=\"wp-block-image size-large is-resized\"><a href=\"https:\/\/www.automenzi.ch\/\"><img loading=\"lazy\" decoding=\"async\" width=\"84\" height=\"72\" data-id=\"462\" src=\"https:\/\/funktaxiruetizhgmbh.ch\/wp-content\/uploads\/2025\/08\/menzi-logo.png\" alt=\"\" class=\"wp-image-462\" style=\"width:84px;height:auto\"\/><\/a><\/figure>\n<\/figure>\n<\/div><\/div>\n<\/div><\/section><\/div>\n\n\n\n<div class=\"section-wrapper\" data-id=\"UDg5XY\"><section class=\"wp-block-gutenverse-section guten-element guten-section guten-UDg5XY layout-boxed align-stretch\"><div class=\"guten-background-overlay\"><\/div><div class=\"guten-container guten-column-gap-default\">\n<div class=\"wp-block-gutenverse-column guten-element guten-column guten-Vf74q2\"><div class=\"guten-column-wrapper\" data-id=\"Vf74q2\">\n<div class=\"section-wrapper\" data-id=\"cBPWab\"><section class=\"wp-block-gutenverse-section guten-element guten-section guten-cBPWab layout-fullwidth align-stretch\"><div class=\"guten-container guten-column-gap-no\">\n<div class=\"wp-block-gutenverse-column guten-element guten-column guten-7VZ3yC\"><div class=\"guten-column-wrapper\" data-id=\"7VZ3yC\">\n<h3 class=\"wp-block-gutenverse-heading guten-element guten-UKnUkE\">Adresse<\/h3>\n\n\n\n<div class=\"guten-element guten-icon-list guten-RyBN6n\"><div class=\" list-wrapper \">\n<div class=\"guten-element guten-icon-list-item guten-sFOmPl\"><div class=\"list-divider\"><\/div><a id=\"guten-sFOmPl\"><i class=\"fas fa-check\"><\/i><span class=\"list-text \"><strong>Funk Taxi Rueti ZH GmbH<br>Joweid Zentrum 4<\/strong><br><strong>CH-8630 R\u00fcti<br>Switzerland<\/strong><\/span><\/a><\/div>\n<\/div><\/div>\n<\/div><\/div>\n\n\n\n<div class=\"wp-block-gutenverse-column guten-element guten-column guten-kuFmKi\"><div class=\"guten-column-wrapper\" data-id=\"kuFmKi\">\n<h3 class=\"wp-block-gutenverse-heading guten-element guten-TB4hU6\"><strong>Kontakt<\/strong><\/h3>\n\n\n\n<div class=\"guten-element guten-icon-list guten-njLwnM\"><div class=\" list-wrapper \">\n<div class=\"guten-element guten-icon-list-item guten-QeH3yg\"><div class=\"list-divider\"><\/div><a id=\"guten-QeH3yg\"><i class=\"fas fa-check\"><\/i><span class=\"list-text \">info@funktaxiruetizh.ch<\/span><\/a><\/div>\n\n\n\n<div class=\"guten-element guten-icon-list-item guten-rwLJCz\"><div class=\"list-divider\"><\/div><a id=\"guten-rwLJCz\"><i class=\"gtn gtn-whatsapp-1-light\"><\/i><span class=\"list-text \">+055 240 27 27<br>+41794752525 (whatsapp) <br><br><br><\/span><\/a><\/div>\n<\/div><\/div>\n<\/div><\/div>\n\n\n\n<div class=\"wp-block-gutenverse-column guten-element guten-column guten-6c5pQQ\"><div class=\"guten-column-wrapper\" data-id=\"6c5pQQ\">\n<h3 class=\"wp-block-gutenverse-heading guten-element guten-yoRV2a\">Arbeit<\/h3>\n\n\n\n<div class=\"guten-element guten-icon-list guten-mJGBuf\"><div class=\" list-wrapper \">\n<div class=\"guten-element guten-icon-list-item guten-GHlxdE\"><div class=\"list-divider\"><\/div><a id=\"guten-GHlxdE\"><i class=\"fas fa-check\"><\/i><span class=\"list-text \">Buchen Sie Ihr Taxi \u2013 rund um die Uhr verf\u00fcgbar (24\/7)!<\/span><\/a><\/div>\n\n\n\n<div class=\"guten-element guten-icon-list-item guten-OlBkjW\"><div class=\"list-divider\"><\/div><a id=\"guten-OlBkjW\"><i class=\"fas fa-check\"><\/i><span class=\"list-text \"><\/span><\/a><\/div>\n<\/div><\/div>\n<\/div><\/div>\n\n\n\n<div class=\"wp-block-gutenverse-column guten-element guten-column guten-xFKInw\"><div class=\"guten-column-wrapper\" data-id=\"xFKInw\">\n<h3 class=\"wp-block-gutenverse-heading guten-element guten-rxyJ1p\">Newsletter<\/h3>\n\n\n\n<form style=\"display:none\" class=\"guten-element guten-form-builder guten-tZaEOD\" data-form-id=\"311\">\n<div class=\"section-wrapper\" data-id=\"oBHPp1\"><section class=\"wp-block-gutenverse-section guten-element guten-section guten-oBHPp1 layout-fullwidth align-stretch\"><div class=\"guten-container guten-column-gap-no\">\n<div class=\"wp-block-gutenverse-column guten-element guten-column guten-dWtCOV\"><div class=\"guten-column-wrapper\" data-id=\"dWtCOV\">\n<div class=\"guten-element guten-form-input-email guten-form-input guten-input-position-top guten-p7s8H3 hide-label hide-helper\"><div class=\"label-wrapper\"><\/div><div class=\"main-wrapper\"><input data-validation=\"{&quot;type&quot;:&quot;email&quot;,&quot;required&quot;:false,&quot;validationType&quot;:&quot;none&quot;,&quot;validationWarning&quot;:&quot;Input Invalid&quot;}\" placeholder=\"Email Address\" name=\"input-email\" class=\"gutenverse-input gutenverse-input-email\" type=\"email\"\/><div class=\"validation-error\">Input Invalid<\/div><\/div><\/div>\n<\/div><\/div>\n\n\n\n<div class=\"wp-block-gutenverse-column guten-element guten-column guten-Ls9d2Q\"><div class=\"guten-column-wrapper\" data-id=\"Ls9d2Q\">\n<div class=\"guten-element guten-button-wrapper guten-submit-wrapper guten-sQPxCR\"><div class=\"form-notification\"><\/div><button class=\"guten-button gutenverse-input-submit guten-button-sm\" type=\"submit\"><i class=\"fa-lg fas fa-paper-plane\"><\/i><span><\/span><\/button><div class=\"gutenverse-input-submit-loader\"><i class=\"fas fa-spinner fa-spin\"><\/i><\/div><\/div>\n<\/div><\/div>\n<\/div><\/section><\/div>\n<\/form>\n<\/div><\/div>\n<\/div><\/section><\/div>\n\n\n\n<div class=\"section-wrapper\" data-id=\"pr01jO\"><section class=\"wp-block-gutenverse-section guten-element guten-section guten-pr01jO layout-fullwidth align-stretch\"><div class=\"guten-container guten-column-gap-no\">\n<div class=\"wp-block-gutenverse-column guten-element guten-column guten-2isRy5\"><div class=\"guten-column-wrapper\" data-id=\"2isRy5\">\n<div class=\"guten-element gutenverse-text-editor guten-i0B5uz\"><div class=\"text-content-inner\">\n<p>\u00a9 2025 funktaxiruetizhgmbh.ch | Developed by<a href=\"https:\/\/akkenum.com\"> Akkenum Interactive<\/a><\/p>\n<\/div><\/div>\n<\/div><\/div>\n\n\n\n<div class=\"wp-block-gutenverse-column guten-element guten-column guten-rU3O2a\"><div class=\"guten-column-wrapper\" data-id=\"rU3O2a\">\n<div class=\"wp-block-gutenverse-image guten-element guten-image guten-hvpPQ8\"><div class=\"guten-image-wrapper\"><img loading=\"lazy\" decoding=\"async\" class=\"gutenverse-image-box-filled\" src=\"http:\/\/funktaxiruetizhgmbh.ch\/wp-content\/uploads\/2025\/08\/taxi-ruti-3-1.png\" height=\"117\" width=\"192\"\/><\/div><\/div>\n<\/div><\/div>\n\n\n\n<div class=\"wp-block-gutenverse-column guten-element guten-column guten-MY3vTa\"><div class=\"guten-column-wrapper\" data-id=\"MY3vTa\">\n<div class=\"guten-element guten-icon-list guten-esa903\"><div class=\" list-wrapper inline-icon-list\">\n<div class=\"guten-element guten-icon-list-item guten-ZDMlTP\"><div class=\"list-divider\"><\/div><a id=\"guten-ZDMlTP\" href=\"https:\/\/funktaxiruetizhgmbh.ch\/index.php\/privacy-policy\/\"><i class=\"fas fa-check\"><\/i><span class=\"list-text \">Datenschutzerkl\u00e4rung<\/span><\/a><\/div>\n\n\n\n<div class=\"guten-element guten-icon-list-item guten-tg2ig4\"><div class=\"list-divider\"><\/div><a id=\"guten-tg2ig4\" href=\"https:\/\/funktaxiruetizhgmbh.ch\/index.php\/allgemeine-geschaftsbedingungen-funktaxiruetizh-gmbh\/\"><i class=\"fas fa-check\"><\/i><span class=\"list-text \">Allgemeine Gesch\u00e4ftsbedingungen<\/span><\/a><\/div>\n<\/div><\/div>\n<\/div><\/div>\n<\/div><\/section><\/div>\n<\/div><\/div>\n<\/div><\/section><\/div>\n","protected":false},"excerpt":{"rendered":"","protected":false},"author":1,"featured_media":0,"parent":0,"menu_order":0,"comment_status":"closed","ping_status":"closed","template":"blank-canvas","meta":{"footnotes":""},"class_list":["post-67","page","type-page","status-publish","hentry"],"_links":{"self":[{"href":"http:\/\/funktaxiruetizhgmbh.ch\/index.php\/wp-json\/wp\/v2\/pages\/67","targetHints":{"allow":["GET"]}}],"collection":[{"href":"http:\/\/funktaxiruetizhgmbh.ch\/index.php\/wp-json\/wp\/v2\/pages"}],"about":[{"href":"http:\/\/funktaxiruetizhgmbh.ch\/index.php\/wp-json\/wp\/v2\/types\/page"}],"author":[{"embeddable":true,"href":"http:\/\/funktaxiruetizhgmbh.ch\/index.php\/wp-json\/wp\/v2\/users\/1"}],"replies":[{"embeddable":true,"href":"http:\/\/funktaxiruetizhgmbh.ch\/index.php\/wp-json\/wp\/v2\/comments?post=67"}],"version-history":[{"count":2,"href":"http:\/\/funktaxiruetizhgmbh.ch\/index.php\/wp-json\/wp\/v2\/pages\/67\/revisions"}],"predecessor-version":[{"id":497,"href":"http:\/\/funktaxiruetizhgmbh.ch\/index.php\/wp-json\/wp\/v2\/pages\/67\/revisions\/497"}],"wp:attachment":[{"href":"http:\/\/funktaxiruetizhgmbh.ch\/index.php\/wp-json\/wp\/v2\/media?parent=67"}],"curies":[{"name":"wp","href":"https:\/\/api.w.org\/{rel}","templated":true}]}}